{"id":11,"date":"2018-07-11T15:34:05","date_gmt":"2018-07-11T13:34:05","guid":{"rendered":"http:\/\/ww2.notredamedelaconfiance.fr\/?page_id=11"},"modified":"2021-01-18T12:23:34","modified_gmt":"2021-01-18T11:23:34","slug":"informations-pratiques","status":"publish","type":"page","link":"https:\/\/www.notredamedelaconfiance.fr\/index.php\/informations-pratiques\/","title":{"rendered":"Horaires, acc\u00e8s, contacts"},"content":{"rendered":"\n<h2 class=\"wp-block-heading\">Les horaires des messes et d\u2019ouverture de la chapelle<\/h2>\n\n\n\n<h3 class=\"wp-block-heading\"><strong>HORAIRES&nbsp; EN PERIODE SCOLAIRE<\/strong><\/h3>\n\n\n\n<p><strong>mardi :<\/strong> Messe \u00e0 12 h 15, sauf pendant les vacances scolaires<\/p>\n\n\n\n<p>&nbsp;&nbsp;&nbsp;&nbsp;&nbsp;&nbsp; les 2e mardis du mois<strong>&nbsp;:<\/strong>&nbsp;18 h 00, chapelet<\/p>\n\n\n\n<p><strong>mercredi&nbsp;:<\/strong> messe \u00e0 19 h, sauf pendant les vacances scolaires<\/p>\n\n\n\n<p><strong>jeudi :<\/strong> chapelet \u00e0 15 h<\/p>\n\n\n\n<p><strong>vendredi :<\/strong> messe \u00e0 9 h , sauf pendant les vacances scolaires<\/p>\n\n\n\n<p>&nbsp;&nbsp;&nbsp;&nbsp;&nbsp; les vendredis de Car\u00eame :&nbsp;15 h 00, Chemin de croix<\/p>\n\n\n\n<p><strong>samedi&nbsp;:<\/strong> messe \u00e0 9 h, sauf pendant les vacances scolaires<\/p>\n\n\n\n<p>&nbsp;&nbsp;&nbsp;&nbsp;&nbsp;&nbsp;&nbsp; messe dominicale anticip\u00e9e \u00e0 18 h 00, messe, sauf pendant les vacances scolaires<\/p>\n\n\n\n<p><strong>dimanche&nbsp;:<\/strong>&nbsp;10 h 45, messe<\/p>\n\n\n\n<p>En g\u00e9n\u00e9ral la chapelle est ferm\u00e9e pendant vacances scolaires.<\/p>\n\n\n\n<h3 class=\"wp-block-heading\"><strong>HORAIRES EN PERIODE DE VACANCES SCOLAIRES<\/strong><\/h3>\n\n\n\n<p>Certaines messes de semaine pourraient \u00eatre supprim\u00e9es. S\u2019informer sur les panneaux aux portes de la Chapelle et sur les feuilles d\u2019informations hebdomadaires.<\/p>\n\n\n\n<h2 class=\"wp-block-heading\">Venir nous voir<\/h2>\n\n\n\n<p>Chapelle Notre Dame de la Confiance<br>escalier 9<br>164 rue de Saussure<br>75017 PARIS<\/p>\n\n\n\n<p><strong>Ouverture&nbsp;:<\/strong> mardi \u00e0 vendredi: 15h30 \u00e0 19h00, dimanche : 10h \u00e0 12h<br><strong>Accueil du pr\u00eatre&nbsp;:<\/strong> Fr\u00e8re Michel Stoeckel, sur rendez-vous (06.71.03.37.81)<\/p>\n\n\n\n<h2 class=\"wp-block-heading\">Nous \u00e9crire<\/h2>\n\n\n\n<p>Chapelle Notre Dame de la Confiance<br>escalier 1 bo\u00eete 33<br>164 rue de Saussure<br>75017 PARIS<\/p>\n\n\n\n<p>ou par e-mail<br><a href=\"mailto:ndconfiance@gmail.com\" data-type=\"mailto\" data-id=\"mailto:ndconfiance@gmail.com\">ndconfiance@gmail.com<\/a><\/p>\n\n\n\n<h2 class=\"wp-block-heading\">Nous t\u00e9l\u00e9phoner<\/h2>\n\n\n\n<p>01 42 27 93 09<\/p>\n\n\n\n<h2 class=\"wp-block-heading\">Transports en commun<\/h2>\n\n\n\n<p>Bus&nbsp;:<br>PC3, 53, 94 (Arr\u00eat Porte d\u2019Asni\u00e8res)<\/p>\n\n\n\n<p>M\u00e9tro \/ RER&nbsp;:<br>Wagram (ligne 3)<br>Villiers (lignes 3 et 2), Pereire (ligne 3 et RER C)<\/p>\n\n\n\n<h2 class=\"wp-block-heading\">Plans<\/h2>\n\n\n\n<p>Plan du quartier<\/p>\n\n\n\n<figure class=\"wp-block-image size-large\"><img loading=\"lazy\" decoding=\"async\" width=\"580\" height=\"580\" src=\"https:\/\/www.notredamedelaconfiance.fr\/wp-content\/uploads\/2021\/01\/plan.gif\" alt=\"\" class=\"wp-image-836\"\/><\/figure>\n\n\n\n<p>Zoom sur l\u2019acc\u00e8s par le square Paul Paray ou par l\u2019entr\u00e9e du 164<\/p>\n\n\n\n<figure class=\"wp-block-image size-large\"><img loading=\"lazy\" decoding=\"async\" width=\"720\" height=\"422\" src=\"https:\/\/www.notredamedelaconfiance.fr\/wp-content\/uploads\/2021\/01\/plan_quartier.gif\" alt=\"\" class=\"wp-image-837\"\/><\/figure>\n\n\n\n<p>Zoom en vue a\u00e9rienne sur l\u2019acc\u00e8s par l\u2019entr\u00e9e du 164<\/p>\n\n\n\n<figure class=\"wp-block-image size-large\"><img loading=\"lazy\" decoding=\"async\" width=\"349\" height=\"328\" src=\"https:\/\/www.notredamedelaconfiance.fr\/wp-content\/uploads\/2021\/01\/vue_a-rienne.jpg\" alt=\"\" class=\"wp-image-838\" srcset=\"https:\/\/www.notredamedelaconfiance.fr\/wp-content\/uploads\/2021\/01\/vue_a-rienne.jpg 349w, https:\/\/www.notredamedelaconfiance.fr\/wp-content\/uploads\/2021\/01\/vue_a-rienne-300x282.jpg 300w\" sizes=\"auto, (max-width: 349px) 100vw, 349px\" \/><\/figure>\n","protected":false},"excerpt":{"rendered":"<p>Les horaires des messes et d\u2019ouverture de la chapelle HORAIRES&nbsp; EN PERIODE SCOLAIRE mardi : Messe \u00e0 12 h 15, sauf pendant les vacances scolaires &nbsp;&nbsp;&nbsp;&nbsp;&nbsp;&nbsp; les 2e mardis du mois&nbsp;:&nbsp;18 h 00, chapelet mercredi&nbsp;: messe \u00e0 19 h, sauf pendant les vacances scolaires jeudi : chapelet \u00e0 15 h vendredi : messe \u00e0 9 [&hellip;]<\/p>\n","protected":false},"author":2,"featured_media":0,"parent":0,"menu_order":0,"comment_status":"closed","ping_status":"closed","template":"","meta":{"footnotes":""},"class_list":["post-11","page","type-page","status-publish","hentry"],"_links":{"self":[{"href":"https:\/\/www.notredamedelaconfiance.fr\/index.php\/wp-json\/wp\/v2\/pages\/11","targetHints":{"allow":["GET"]}}],"collection":[{"href":"https:\/\/www.notredamedelaconfiance.fr\/index.php\/wp-json\/wp\/v2\/pages"}],"about":[{"href":"https:\/\/www.notredamedelaconfiance.fr\/index.php\/wp-json\/wp\/v2\/types\/page"}],"author":[{"embeddable":true,"href":"https:\/\/www.notredamedelaconfiance.fr\/index.php\/wp-json\/wp\/v2\/users\/2"}],"replies":[{"embeddable":true,"href":"https:\/\/www.notredamedelaconfiance.fr\/index.php\/wp-json\/wp\/v2\/comments?post=11"}],"version-history":[{"count":9,"href":"https:\/\/www.notredamedelaconfiance.fr\/index.php\/wp-json\/wp\/v2\/pages\/11\/revisions"}],"predecessor-version":[{"id":839,"href":"https:\/\/www.notredamedelaconfiance.fr\/index.php\/wp-json\/wp\/v2\/pages\/11\/revisions\/839"}],"wp:attachment":[{"href":"https:\/\/www.notredamedelaconfiance.fr\/index.php\/wp-json\/wp\/v2\/media?parent=11"}],"curies":[{"name":"wp","href":"https:\/\/api.w.org\/{rel}","templated":true}]}}