{"id":283,"date":"2019-03-02T11:34:11","date_gmt":"2019-03-02T10:34:11","guid":{"rendered":"https:\/\/www.notredamedelaconfiance.fr\/?page_id=283"},"modified":"2019-03-13T15:19:08","modified_gmt":"2019-03-13T14:19:08","slug":"nos-soeurs-benedictines-de-la-paix-notre-dame","status":"publish","type":"page","link":"https:\/\/www.notredamedelaconfiance.fr\/index.php\/nos-soeurs-benedictines-de-la-paix-notre-dame\/","title":{"rendered":"Nos S\u0153urs b\u00e9n\u00e9dictines de Fl\u00e9e (72)"},"content":{"rendered":"\n<p>Le Monast\u00e8re de la Paix Notre Dame a cr\u00e9\u00e9 des liens avec notre chapelle \u00e0 la suite de l&rsquo;ann\u00e9e sabbatique que  notre chapelain Fr\u00e8re Michel a v\u00e9cu comme aum\u00f4nier avant d&rsquo;\u00eatre nomm\u00e9 chez nous.<\/p>\n\n\n\n<p>Cette petite communaut\u00e9 de 9 s\u0153urs b\u00e9n\u00e9dictines a \u00e9t\u00e9 fond\u00e9e en 1947 pour permettre \u00e0 des femmes \u00e0 la sant\u00e9 fragile de vivre la r\u00e8gle de St  Beno\u00eet an tenant compte de leurs difficult\u00e9s de sant\u00e9.<\/p>\n\n\n\n<p>Leur vie est la louange et le pri\u00e8re des Psaumes, le travail au verger et au potager et surtout la Providence du Seigneur qui leur assure (jusqu&rsquo;\u00e0 aujourd&rsquo;hui) chaque jour ce dont elles ont besoin pour la journ\u00e9e. La M\u00e8re Prieure dit souvent que Dieu ne donne jamais la gr\u00e2ce \u00e0 l&rsquo;avance. C&rsquo;est donc une \u00e9cole de confiance totale dans l&rsquo;amour du Seigneur, d&rsquo;offrande de soi par pur amour et de simplicit\u00e9.<\/p>\n\n\n\n<p>Le monast\u00e8re est situ\u00e9 dans la vall\u00e9e du Loir (sud de la Sarthe), en pleine campagne. Les moniales accueillent des personnes de passage ou des retraitants dans leur h\u00f4tellerie. Elles se r\u00e9jouissent de partager leurs offices chant\u00e9s en gr\u00e9gorien (latin et fran\u00e7ais).<\/p>\n\n\n\n<p>Petit \u00e0 petit,  nous \u00e9tabliront des liens d&rsquo;amiti\u00e9 et de soutien spirituel r\u00e9ciproque. Les soeurs prient assidument \u00e0 nos intentions et elles comptent sur notre pri\u00e8re ainsi que sur le partage des \u00e9chos de notre vie qu&rsquo;elles aiment m\u00e9diter.<\/p>\n\n\n\n<p>Voici quelques visages de la communaut\u00e9 :<\/p>\n\n\n\n<div class=\"wp-block-image\"><figure class=\"aligncenter\"><img decoding=\"async\" src=\"https:\/\/www.notredamedelaconfiance.fr\/wp-content\/uploads\/2019\/03\/5-de-la-communaut\u00e9-1024x682.png\" alt=\"\" class=\"wp-image-278\"\/><figcaption>de gauche \u00e0 droite : Sr Claire-Marie, Sr Ange-Marie, M\u00e8re Marie-Esther (Sous-prieure), M\u00e8re Marie-Maximilien (Prieure), Sr Marie-Jeanne-d&rsquo;Arc<\/figcaption><\/figure><\/div>\n\n\n\n<div class=\"wp-block-image\"><figure class=\"aligncenter is-resized\"><img loading=\"lazy\" decoding=\"async\" src=\"https:\/\/www.notredamedelaconfiance.fr\/wp-content\/uploads\/2019\/03\/Sr-Marie-Placide-768x1024.jpg\" alt=\"\" class=\"wp-image-282\" width=\"246\" height=\"329\"\/><figcaption>Sr Marie Placide, la doyenne<\/figcaption><\/figure><\/div>\n\n\n\n<div class=\"wp-block-image\"><figure class=\"aligncenter\"><img decoding=\"async\" src=\"https:\/\/www.notredamedelaconfiance.fr\/wp-content\/uploads\/2019\/03\/Sr-Marie-Joseph.png\" alt=\"\" class=\"wp-image-281\"\/><figcaption>M\u00e8re Marie-Joseph, ancienne Prieure<\/figcaption><\/figure><\/div>\n\n\n\n<div class=\"wp-block-image\"><figure class=\"aligncenter is-resized\"><img loading=\"lazy\" decoding=\"async\" src=\"https:\/\/www.notredamedelaconfiance.fr\/wp-content\/uploads\/2019\/03\/Sr-Marie-Gabriel.png\" alt=\"\" class=\"wp-image-280\" width=\"252\" height=\"388\"\/><figcaption>Sr Marie-Gabrielle, postulante<\/figcaption><\/figure><\/div>\n\n\n\n<p><a href=\"https:\/\/vie-monastique.com\/paix-nd-presentation\">Monast\u00e8re La Paix Notre Dame<\/a>, <\/p>\n\n\n\n<p>Les Maisons\nRouges, 72500 Fl\u00e9e <\/p>\n\n\n\n<p>Mel&nbsp;:<a href=\"mailto:benedictines.flee@laposte.net\">benedictines.flee@laposte.net<\/a>\n<\/p>\n\n\n\n<p>Tel&nbsp;: 02\n43 44 14 18 <\/p>\n\n\n\n<ul class=\"wp-block-gallery aligncenter columns-3 is-cropped wp-block-gallery-1 is-layout-flex wp-block-gallery-is-layout-flex\"><li class=\"blocks-gallery-item\"><figure><img decoding=\"async\" src=\"https:\/\/www.notredamedelaconfiance.fr\/wp-content\/uploads\/2019\/03\/LPND-office.jpg\" alt=\"\" data-id=\"285\" data-link=\"https:\/\/www.notredamedelaconfiance.fr\/lpnd-office\/\" class=\"wp-image-285\"\/><\/figure><\/li><li class=\"blocks-gallery-item\"><figure><img decoding=\"async\" src=\"https:\/\/www.notredamedelaconfiance.fr\/wp-content\/uploads\/2019\/03\/monast\u00e8re-1-1024x768.jpg\" alt=\"\" data-id=\"287\" data-link=\"https:\/\/www.notredamedelaconfiance.fr\/monastere-1\/\" class=\"wp-image-287\"\/><\/figure><\/li><li class=\"blocks-gallery-item\"><figure><img decoding=\"async\" src=\"https:\/\/www.notredamedelaconfiance.fr\/wp-content\/uploads\/2019\/03\/panniers-LPND.jpg\" alt=\"\" data-id=\"288\" data-link=\"https:\/\/www.notredamedelaconfiance.fr\/panniers-lpnd\/\" class=\"wp-image-288\"\/><\/figure><\/li><li class=\"blocks-gallery-item\"><figure><img decoding=\"async\" src=\"https:\/\/www.notredamedelaconfiance.fr\/wp-content\/uploads\/2019\/03\/h\u00f4tellerie-LPND.jpg\" alt=\"\" data-id=\"284\" data-link=\"https:\/\/www.notredamedelaconfiance.fr\/hotellerie-lpnd\/\" class=\"wp-image-284\"\/><\/figure><\/li><li class=\"blocks-gallery-item\"><figure><img decoding=\"async\" src=\"https:\/\/www.notredamedelaconfiance.fr\/wp-content\/uploads\/2019\/03\/LPND-vitrail-d\u00e9tail.jpg\" alt=\"\" data-id=\"286\" data-link=\"https:\/\/www.notredamedelaconfiance.fr\/lpnd-vitrail-detail\/\" class=\"wp-image-286\"\/><\/figure><\/li><\/ul>\n","protected":false},"excerpt":{"rendered":"<p>Le Monast\u00e8re de la Paix Notre Dame a cr\u00e9\u00e9 des liens avec notre chapelle \u00e0 la suite de l&rsquo;ann\u00e9e sabbatique que notre chapelain Fr\u00e8re Michel a v\u00e9cu comme aum\u00f4nier avant d&rsquo;\u00eatre nomm\u00e9 chez nous. Cette petite communaut\u00e9 de 9 s\u0153urs b\u00e9n\u00e9dictines a \u00e9t\u00e9 fond\u00e9e en 1947 pour permettre \u00e0 des femmes \u00e0 la sant\u00e9 fragile [&hellip;]<\/p>\n","protected":false},"author":4,"featured_media":0,"parent":0,"menu_order":0,"comment_status":"closed","ping_status":"closed","template":"","meta":{"footnotes":""},"class_list":["post-283","page","type-page","status-publish","hentry"],"_links":{"self":[{"href":"https:\/\/www.notredamedelaconfiance.fr\/index.php\/wp-json\/wp\/v2\/pages\/283","targetHints":{"allow":["GET"]}}],"collection":[{"href":"https:\/\/www.notredamedelaconfiance.fr\/index.php\/wp-json\/wp\/v2\/pages"}],"about":[{"href":"https:\/\/www.notredamedelaconfiance.fr\/index.php\/wp-json\/wp\/v2\/types\/page"}],"author":[{"embeddable":true,"href":"https:\/\/www.notredamedelaconfiance.fr\/index.php\/wp-json\/wp\/v2\/users\/4"}],"replies":[{"embeddable":true,"href":"https:\/\/www.notredamedelaconfiance.fr\/index.php\/wp-json\/wp\/v2\/comments?post=283"}],"version-history":[{"count":3,"href":"https:\/\/www.notredamedelaconfiance.fr\/index.php\/wp-json\/wp\/v2\/pages\/283\/revisions"}],"predecessor-version":[{"id":302,"href":"https:\/\/www.notredamedelaconfiance.fr\/index.php\/wp-json\/wp\/v2\/pages\/283\/revisions\/302"}],"wp:attachment":[{"href":"https:\/\/www.notredamedelaconfiance.fr\/index.php\/wp-json\/wp\/v2\/media?parent=283"}],"curies":[{"name":"wp","href":"https:\/\/api.w.org\/{rel}","templated":true}]}}